{"id":5239,"date":"2023-05-11T11:26:36","date_gmt":"2023-05-11T09:26:36","guid":{"rendered":"https:\/\/www.5aldia.es\/es\/?page_id=5239"},"modified":"2024-05-28T11:55:09","modified_gmt":"2024-05-28T09:55:09","slug":"ven-a-visitar-mercabarna","status":"publish","type":"page","link":"https:\/\/www.5aldia.es\/es\/la-campana\/ven-a-visitar-mercabarna\/","title":{"rendered":"Ven a visitar Mercabarna"},"content":{"rendered":"\t\t<div data-elementor-type=\"wp-page\" data-elementor-id=\"5239\" class=\"elementor elementor-5239\">\n\t\t\t\t\t\t<div class=\"elementor-inner\">\n\t\t\t\t<div class=\"elementor-section-wrap\">\n\t\t\t\t\t\t\t\t\t<section class=\"elementor-section elementor-top-section elementor-element elementor-element-534e16f elementor-section-boxed elementor-section-height-default elementor-section-height-default\" data-id=\"534e16f\" data-element_type=\"section\" data-settings=\"{&quot;background_background&quot;:&quot;classic&quot;}\">\n\t\t\t\t\t\t<div class=\"elementor-container elementor-column-gap-default\">\n\t\t\t\t\t\t\t<div class=\"elementor-row\">\n\t\t\t\t\t<div class=\"elementor-column elementor-col-100 elementor-top-column elementor-element elementor-element-70a5176\" data-id=\"70a5176\" data-element_type=\"column\">\n\t\t\t<div class=\"elementor-column-wrap elementor-element-populated\">\n\t\t\t\t\t\t\t<div class=\"elementor-widget-wrap\">\n\t\t\t\t\t\t<div class=\"elementor-element elementor-element-483acad elementor-widget elementor-widget-text-editor\" data-id=\"483acad\" data-element_type=\"widget\" data-widget_type=\"text-editor.default\">\n\t\t\t\t<div class=\"elementor-widget-container\">\n\t\t\t\t\t\t\t\t<div class=\"elementor-text-editor elementor-clearfix\">\n\t\t\t\t<p style=\"text-align: left;\"><span class=\"font-title-3 orange-color beautiful-heartbeat\">\u00a0\u00bfQUI\u00c9NES PUEDEN PARTICIPAR EN LA CAMPA\u00d1A?<br \/><\/span><\/p><p>\u201c5 al dia\u201d es una campa\u00f1a dirigida a ni\u00f1os y ni\u00f1as entre <strong>9 y 10 a\u00f1os, preferentemente de 4\u00ba curso<\/strong> de escuelas p\u00fablicas, concertadas y privadas de toda Catalu\u00f1a, que tiene por objetivo el fomento de la alimentaci\u00f3n saludable y sostenible mediante la promoci\u00f3n del consumo de frutas y hortalizas.<\/p><p>\u00a0<\/p><p style=\"text-align: left;\"><span class=\"font-title-3 orange-color beautiful-heartbeat\">\u00bfQUIERES SABER QU\u00c9 HAR\u00c9IS EN ESTA ACTIVIDAD?\u00a0<br \/><\/span><\/p><p>La acci\u00f3n principal de esta campa\u00f1a consiste en visitar el mercado central de frutas y hortalizas de Mercabarna durante todo un d\u00eda, en el transcurso del cual se realizan actividades y talleres diversos para acercar a los ni\u00f1os al mundo de las frutas y hortalizas.<\/p><p><span style=\"font-weight: 400;\">Pulsa el siguiente bot\u00f3n para ver toda la informaci\u00f3n: <\/span><\/p><p style=\"text-align: center;\">\u00a0<\/p>\t\t\t\t\t<\/div>\n\t\t\t\t\t\t<\/div>\n\t\t\t\t<\/div>\n\t\t\t\t<div class=\"elementor-element elementor-element-b61a6d1 elementor-align-left btn-blue elementor-button-info elementor-widget elementor-widget-button\" data-id=\"b61a6d1\" data-element_type=\"widget\" data-widget_type=\"button.default\">\n\t\t\t\t<div class=\"elementor-widget-container\">\n\t\t\t\t\t<div class=\"elementor-button-wrapper\">\n\t\t\t<a href=\"https:\/\/www.5aldia.es\/es\/la-campana\/funcionamiento-de-la-campana\/\" class=\"elementor-button-link elementor-button elementor-size-sm\" role=\"button\">\n\t\t\t\t\t\t<span class=\"elementor-button-content-wrapper\">\n\t\t\t\t\t\t<span class=\"elementor-button-text\">\u00bfComo funciona la campa\u00f1a?<\/span>\n\t\t<\/span>\n\t\t\t\t\t<\/a>\n\t\t<\/div>\n\t\t\t\t<\/div>\n\t\t\t\t<\/div>\n\t\t\t\t<div class=\"elementor-element elementor-element-94569ed elementor-widget elementor-widget-text-editor\" data-id=\"94569ed\" data-element_type=\"widget\" data-widget_type=\"text-editor.default\">\n\t\t\t\t<div class=\"elementor-widget-container\">\n\t\t\t\t\t\t\t\t<div class=\"elementor-text-editor elementor-clearfix\">\n\t\t\t\t<p style=\"text-align: left;\"><span style=\"color: #f38546; font-family: 'Beautiful Heartbeat', sans-serif; font-size: 2.8125rem; letter-spacing: 0.1rem;\">\u00bfQU\u00c9 HAY QUE TRAER?<\/span><\/p><p style=\"text-align: left;\">Los participantes de la campa\u00f1a \u201c5 al dia\u201d almuerzan en Mercabarna a base de ensaladas variadas, macedonias de frutas y zumos naturales, que complementan con un plato principal o que deben traer de casa.<\/p><p style=\"text-align: left;\"><span class=\"font-title-4 orange-color beautiful-heartbeat\">\u00a0<\/span><\/p><p style=\"text-align: left;\"><span class=\"font-title-4 orange-color beautiful-heartbeat\">\u00bfC\u00d3MO OS DAREMOS LA BIENVENIDA?\u00a0<\/span><\/p><p>Sea cual sea el medio escogido para llegar a Mercabarna (autocar o transporte p\u00fablico) el equipo de monitores os estar\u00e1 esperando en el punto de encuentro ubicado en la Calle Mayor de Mercabarna, 76 (delante del Centro Directivo).<\/p><p>En el siguiente enlace se encuentra la informaci\u00f3n para llegar a Mercabarna:\u00a0<\/p><p><a href=\"https:\/\/www.5aldia.es\/es\/la-campana\/como-llegar-a-mercabarna\/\">C\u00f3mo llegamos a Mercabarna<\/a><\/p><p style=\"text-align: left;\"><span class=\"font-title-4 orange-color beautiful-heartbeat\">\u00a0<\/span><\/p><p style=\"text-align: left;\"><span class=\"font-title-4 orange-color beautiful-heartbeat\">\u00a1PREPARAOS PARA LA VISITA!<\/span><\/p><p>Para preparar la visita, os proponemos esta unidad did\u00e1ctica para que la trabaj\u00e9is en clase. De esta forma, los ni\u00f1os pueden empezar a familiarizarse con los conceptos m\u00e1s relevantes. As\u00ed, \u00a1podremos profundizarlos durante vuestra visita!<\/p>\t\t\t\t\t<\/div>\n\t\t\t\t\t\t<\/div>\n\t\t\t\t<\/div>\n\t\t\t\t<div class=\"elementor-element elementor-element-9046e96 elementor-widget elementor-widget-image\" data-id=\"9046e96\" data-element_type=\"widget\" data-widget_type=\"image.default\">\n\t\t\t\t<div class=\"elementor-widget-container\">\n\t\t\t\t\t\t\t\t<div class=\"elementor-image\">\n\t\t\t\t\t\t\t\t\t<figure class=\"wp-caption\">\n\t\t\t\t\t\t\t\t\t\t\t<a href=\"http:\/\/www.5aldia.es\/wp-content\/uploads\/2017\/09\/Unitat-didactica.pdf\" target=\"_blank\">\n\t\t\t\t\t\t\t<img width=\"379\" height=\"524\" src=\"https:\/\/www.5aldia.es\/es\/wp-content\/uploads\/2018\/03\/materials-quadern-alimentacio-sana.png\" class=\"attachment-medium_large size-medium_large wp-image-3809\" alt=\"\" loading=\"lazy\" srcset=\"https:\/\/www.5aldia.es\/es\/wp-content\/uploads\/2018\/03\/materials-quadern-alimentacio-sana.png 379w, https:\/\/www.5aldia.es\/es\/wp-content\/uploads\/2018\/03\/materials-quadern-alimentacio-sana-217x300.png 217w\" sizes=\"(max-width: 379px) 100vw, 379px\" \/>\t\t\t\t\t\t\t\t<\/a>\n\t\t\t\t\t\t\t\t\t\t\t<figcaption class=\"widget-image-caption wp-caption-text\"><\/figcaption>\n\t\t\t\t\t\t\t\t\t\t<\/figure>\n\t\t\t\t\t\t\t\t<\/div>\n\t\t\t\t\t\t<\/div>\n\t\t\t\t<\/div>\n\t\t\t\t<div class=\"elementor-element elementor-element-00d9c20 elementor-widget elementor-widget-text-editor\" data-id=\"00d9c20\" data-element_type=\"widget\" data-widget_type=\"text-editor.default\">\n\t\t\t\t<div class=\"elementor-widget-container\">\n\t\t\t\t\t\t\t\t<div class=\"elementor-text-editor elementor-clearfix\">\n\t\t\t\t<p><span style=\"font-weight: 400;\">Tambi\u00e9n es muy importante conocer los h\u00e1bitos de compra y consumo de frutas y hortalizas de las familias de los escolares. Por eso os pedimos que hag\u00e1is llegar este cuestionario a las familias para que puedan rellenarlo.<\/span><\/p>\t\t\t\t\t<\/div>\n\t\t\t\t\t\t<\/div>\n\t\t\t\t<\/div>\n\t\t\t\t<section class=\"elementor-section elementor-inner-section elementor-element elementor-element-7cfeefd elementor-section-boxed elementor-section-height-default elementor-section-height-default\" data-id=\"7cfeefd\" data-element_type=\"section\">\n\t\t\t\t\t\t<div class=\"elementor-container elementor-column-gap-default\">\n\t\t\t\t\t\t\t<div class=\"elementor-row\">\n\t\t\t\t\t<div class=\"elementor-column elementor-col-50 elementor-inner-column elementor-element elementor-element-645dc23\" data-id=\"645dc23\" data-element_type=\"column\">\n\t\t\t<div class=\"elementor-column-wrap elementor-element-populated\">\n\t\t\t\t\t\t\t<div class=\"elementor-widget-wrap\">\n\t\t\t\t\t\t<div class=\"elementor-element elementor-element-763facd elementor-widget elementor-widget-image\" data-id=\"763facd\" data-element_type=\"widget\" data-widget_type=\"image.default\">\n\t\t\t\t<div class=\"elementor-widget-container\">\n\t\t\t\t\t\t\t\t<div class=\"elementor-image\">\n\t\t\t\t\t\t\t\t\t\t\t\t<img width=\"567\" height=\"680\" src=\"https:\/\/www.5aldia.es\/es\/wp-content\/uploads\/2023\/05\/Malbaratament-5aldia-ok.png\" class=\"attachment-large size-large wp-image-5242\" alt=\"\" loading=\"lazy\" srcset=\"https:\/\/www.5aldia.es\/es\/wp-content\/uploads\/2023\/05\/Malbaratament-5aldia-ok.png 567w, https:\/\/www.5aldia.es\/es\/wp-content\/uploads\/2023\/05\/Malbaratament-5aldia-ok-250x300.png 250w\" sizes=\"(max-width: 567px) 100vw, 567px\" \/>\t\t\t\t\t\t\t\t\t\t\t\t\t\t<\/div>\n\t\t\t\t\t\t<\/div>\n\t\t\t\t<\/div>\n\t\t\t\t\t\t<\/div>\n\t\t\t\t\t<\/div>\n\t\t<\/div>\n\t\t\t\t<div class=\"elementor-column elementor-col-50 elementor-inner-column elementor-element elementor-element-59523e9\" data-id=\"59523e9\" data-element_type=\"column\">\n\t\t\t<div class=\"elementor-column-wrap elementor-element-populated\">\n\t\t\t\t\t\t\t<div class=\"elementor-widget-wrap\">\n\t\t\t\t\t\t<div class=\"elementor-element elementor-element-5f5a2ce elementor-widget elementor-widget-image\" data-id=\"5f5a2ce\" data-element_type=\"widget\" data-widget_type=\"image.default\">\n\t\t\t\t<div class=\"elementor-widget-container\">\n\t\t\t\t\t\t\t\t<div class=\"elementor-image\">\n\t\t\t\t\t\t\t\t\t<figure class=\"wp-caption\">\n\t\t\t\t\t\t\t\t\t\t\t<a href=\"http:\/\/www.5aldia.es\/httpdocs\/wp-content\/uploads\/2021\/09\/5aldia-cuaderno-familia.pdf\" target=\"_blank\">\n\t\t\t\t\t\t\t<img width=\"379\" height=\"524\" src=\"https:\/\/www.5aldia.es\/es\/wp-content\/uploads\/2018\/03\/materials-quadern-familia.png\" class=\"attachment-large size-large wp-image-3810\" alt=\"\" loading=\"lazy\" srcset=\"https:\/\/www.5aldia.es\/es\/wp-content\/uploads\/2018\/03\/materials-quadern-familia.png 379w, https:\/\/www.5aldia.es\/es\/wp-content\/uploads\/2018\/03\/materials-quadern-familia-217x300.png 217w\" sizes=\"(max-width: 379px) 100vw, 379px\" \/>\t\t\t\t\t\t\t\t<\/a>\n\t\t\t\t\t\t\t\t\t\t\t<figcaption class=\"widget-image-caption wp-caption-text\"><\/figcaption>\n\t\t\t\t\t\t\t\t\t\t<\/figure>\n\t\t\t\t\t\t\t\t<\/div>\n\t\t\t\t\t\t<\/div>\n\t\t\t\t<\/div>\n\t\t\t\t\t\t<\/div>\n\t\t\t\t\t<\/div>\n\t\t<\/div>\n\t\t\t\t\t\t\t\t<\/div>\n\t\t\t\t\t<\/div>\n\t\t<\/section>\n\t\t\t\t\t\t<\/div>\n\t\t\t\t\t<\/div>\n\t\t<\/div>\n\t\t\t\t\t\t\t\t<\/div>\n\t\t\t\t\t<\/div>\n\t\t<\/section>\n\t\t\t\t<section class=\"elementor-section elementor-top-section elementor-element elementor-element-1d824a4 triangle-up triangle-up-green-lighter green-lighter-background notebook elementor-section-boxed elementor-section-height-default elementor-section-height-default\" data-id=\"1d824a4\" data-element_type=\"section\" data-settings=\"{&quot;background_background&quot;:&quot;classic&quot;}\">\n\t\t\t\t\t\t<div class=\"elementor-container elementor-column-gap-default\">\n\t\t\t\t\t\t\t<div class=\"elementor-row\">\n\t\t\t\t\t<div class=\"elementor-column elementor-col-50 elementor-top-column elementor-element elementor-element-4bb5231\" data-id=\"4bb5231\" data-element_type=\"column\" data-settings=\"{&quot;background_background&quot;:&quot;slideshow&quot;,&quot;background_slideshow_gallery&quot;:[],&quot;background_slideshow_loop&quot;:&quot;yes&quot;,&quot;background_slideshow_slide_duration&quot;:5000,&quot;background_slideshow_slide_transition&quot;:&quot;fade&quot;,&quot;background_slideshow_transition_duration&quot;:500}\">\n\t\t\t<div class=\"elementor-column-wrap elementor-element-populated\">\n\t\t\t\t\t\t\t<div class=\"elementor-widget-wrap\">\n\t\t\t\t\t\t<div class=\"elementor-element elementor-element-fe41492 elementor-widget elementor-widget-text-editor\" data-id=\"fe41492\" data-element_type=\"widget\" data-widget_type=\"text-editor.default\">\n\t\t\t\t<div class=\"elementor-widget-container\">\n\t\t\t\t\t\t\t\t<div class=\"elementor-text-editor elementor-clearfix\">\n\t\t\t\t<p style=\"text-align: center;\"><span style=\"color: #f38546; font-family: 'Beautiful Heartbeat', sans-serif; font-size: 2.8125rem; letter-spacing: 0.1rem;\">RESERVA UN D\u00cdA EN LA AGENDA <\/span><\/p><p style=\"text-align: center;\">Para reservar una visita cont\u00e1ctanos.<\/p>\t\t\t\t\t<\/div>\n\t\t\t\t\t\t<\/div>\n\t\t\t\t<\/div>\n\t\t\t\t<div class=\"elementor-element elementor-element-f3bf708 elementor-align-center btn-orange elementor-widget elementor-widget-button\" data-id=\"f3bf708\" data-element_type=\"widget\" data-widget_type=\"button.default\">\n\t\t\t\t<div class=\"elementor-widget-container\">\n\t\t\t\t\t<div class=\"elementor-button-wrapper\">\n\t\t\t<a href=\"https:\/\/www.5aldia.es\/es\/contacto-2\/\" class=\"elementor-button-link elementor-button elementor-size-lg\" role=\"button\">\n\t\t\t\t\t\t<span class=\"elementor-button-content-wrapper\">\n\t\t\t\t\t\t<span class=\"elementor-button-text\">Contactar<\/span>\n\t\t<\/span>\n\t\t\t\t\t<\/a>\n\t\t<\/div>\n\t\t\t\t<\/div>\n\t\t\t\t<\/div>\n\t\t\t\t\t\t<\/div>\n\t\t\t\t\t<\/div>\n\t\t<\/div>\n\t\t\t\t<div class=\"elementor-column elementor-col-50 elementor-top-column elementor-element elementor-element-0cf3f20\" data-id=\"0cf3f20\" data-element_type=\"column\" data-settings=\"{&quot;background_background&quot;:&quot;slideshow&quot;,&quot;background_slideshow_gallery&quot;:[],&quot;background_slideshow_loop&quot;:&quot;yes&quot;,&quot;background_slideshow_slide_duration&quot;:5000,&quot;background_slideshow_slide_transition&quot;:&quot;fade&quot;,&quot;background_slideshow_transition_duration&quot;:500}\">\n\t\t\t<div class=\"elementor-column-wrap elementor-element-populated\">\n\t\t\t\t\t\t\t<div class=\"elementor-widget-wrap\">\n\t\t\t\t\t\t<div class=\"elementor-element elementor-element-bc52848 elementor-widget elementor-widget-image\" data-id=\"bc52848\" data-element_type=\"widget\" data-widget_type=\"image.default\">\n\t\t\t\t<div class=\"elementor-widget-container\">\n\t\t\t\t\t\t\t\t<div class=\"elementor-image\">\n\t\t\t\t\t\t\t\t\t\t\t\t<img width=\"507\" height=\"372\" src=\"https:\/\/www.5aldia.es\/es\/wp-content\/uploads\/2023\/05\/superpoders.png\" class=\"attachment-medium_large size-medium_large wp-image-5241\" alt=\"\" loading=\"lazy\" srcset=\"https:\/\/www.5aldia.es\/es\/wp-content\/uploads\/2023\/05\/superpoders.png 507w, https:\/\/www.5aldia.es\/es\/wp-content\/uploads\/2023\/05\/superpoders-300x220.png 300w\" sizes=\"(max-width: 507px) 100vw, 507px\" \/>\t\t\t\t\t\t\t\t\t\t\t\t\t\t<\/div>\n\t\t\t\t\t\t<\/div>\n\t\t\t\t<\/div>\n\t\t\t\t\t\t<\/div>\n\t\t\t\t\t<\/div>\n\t\t<\/div>\n\t\t\t\t\t\t\t\t<\/div>\n\t\t\t\t\t<\/div>\n\t\t<\/section>\n\t\t\t\t\t\t\t\t\t<\/div>\n\t\t\t<\/div>\n\t\t\t\t\t<\/div>\n\t\t","protected":false},"excerpt":{"rendered":"<p>\u00a0\u00bfQUI\u00c9NES PUEDEN PARTICIPAR EN LA CAMPA\u00d1A? \u201c5 al dia\u201d es una campa\u00f1a dirigida a ni\u00f1os y ni\u00f1as entre 9 y 10 a\u00f1os, preferentemente de 4\u00ba curso de escuelas p\u00fablicas, concertadas y privadas de toda Catalu\u00f1a, que tiene por objetivo el fomento de la alimentaci\u00f3n saludable y sostenible mediante la promoci\u00f3n del consumo de frutas y &hellip; <a href=\"https:\/\/www.5aldia.es\/es\/la-campana\/ven-a-visitar-mercabarna\/\">Continuar<\/a><\/p>\n","protected":false},"author":1,"featured_media":0,"parent":3699,"menu_order":12,"comment_status":"closed","ping_status":"closed","template":"","meta":[],"acf":[],"_links":{"self":[{"href":"https:\/\/www.5aldia.es\/es\/wp-json\/wp\/v2\/pages\/5239"}],"collection":[{"href":"https:\/\/www.5aldia.es\/es\/wp-json\/wp\/v2\/pages"}],"about":[{"href":"https:\/\/www.5aldia.es\/es\/wp-json\/wp\/v2\/types\/page"}],"author":[{"embeddable":true,"href":"https:\/\/www.5aldia.es\/es\/wp-json\/wp\/v2\/users\/1"}],"replies":[{"embeddable":true,"href":"https:\/\/www.5aldia.es\/es\/wp-json\/wp\/v2\/comments?post=5239"}],"version-history":[{"count":19,"href":"https:\/\/www.5aldia.es\/es\/wp-json\/wp\/v2\/pages\/5239\/revisions"}],"predecessor-version":[{"id":5299,"href":"https:\/\/www.5aldia.es\/es\/wp-json\/wp\/v2\/pages\/5239\/revisions\/5299"}],"up":[{"embeddable":true,"href":"https:\/\/www.5aldia.es\/es\/wp-json\/wp\/v2\/pages\/3699"}],"wp:attachment":[{"href":"https:\/\/www.5aldia.es\/es\/wp-json\/wp\/v2\/media?parent=5239"}],"curies":[{"name":"wp","href":"https:\/\/api.w.org\/{rel}","templated":true}]}}