{"id":3788,"date":"2018-03-05T17:25:21","date_gmt":"2018-03-05T16:25:21","guid":{"rendered":"https:\/\/www.5aldia.es\/es\/?page_id=3788"},"modified":"2025-11-15T16:46:41","modified_gmt":"2025-11-15T15:46:41","slug":"funcionamiento-de-la-campana","status":"publish","type":"page","link":"https:\/\/www.5aldia.es\/es\/la-campana\/funcionamiento-de-la-campana\/","title":{"rendered":"Funcionamiento de la campa\u00f1a"},"content":{"rendered":"\t\t<div data-elementor-type=\"wp-page\" data-elementor-id=\"3788\" class=\"elementor elementor-3788\">\n\t\t\t\t\t\t<div class=\"elementor-inner\">\n\t\t\t\t<div class=\"elementor-section-wrap\">\n\t\t\t\t\t\t\t\t\t<section class=\"elementor-section elementor-top-section elementor-element elementor-element-3dfb903 elementor-section-boxed elementor-section-height-default elementor-section-height-default\" data-id=\"3dfb903\" data-element_type=\"section\">\n\t\t\t\t\t\t<div class=\"elementor-container elementor-column-gap-default\">\n\t\t\t\t\t\t\t<div class=\"elementor-row\">\n\t\t\t\t\t<div class=\"elementor-column elementor-col-100 elementor-top-column elementor-element elementor-element-6e861c4\" data-id=\"6e861c4\" data-element_type=\"column\">\n\t\t\t<div class=\"elementor-column-wrap elementor-element-populated\">\n\t\t\t\t\t\t\t<div class=\"elementor-widget-wrap\">\n\t\t\t\t\t\t<div class=\"elementor-element elementor-element-b0dfafc elementor-widget elementor-widget-text-editor\" data-id=\"b0dfafc\" data-element_type=\"widget\" data-widget_type=\"text-editor.default\">\n\t\t\t\t<div class=\"elementor-widget-container\">\n\t\t\t\t\t\t\t\t<div class=\"elementor-text-editor elementor-clearfix\">\n\t\t\t\t<p style=\"text-align: center;\"><span class=\"beautiful-heartbeat orange-color font-title-3\">TRABAJO EN LA ESCUELA<\/span><\/p><p><span class=\"beautiful-heartbeat orange-color font-title-4\">1. PREVIO A LA VISITA<\/span><\/p><p>S\u2019envia a les escoles que participen a la campanya informaci\u00f3 amb activitats lligades a l\u2019adquisici\u00f3 d\u2019h\u00e0bits relacionats amb l\u2019alimentaci\u00f3 saludable, sostenible i responsable (adaptat al curr\u00edculum escolar) perqu\u00e8 sigui treballat a classe abans de la visita que es realitzar\u00e0 al mercado central de frutas y hortalizas de Mercabarna.<\/p><p>Tambi\u00e9n se env\u00eda un cuestionario para analizar los h\u00e1bitos de compra y consumo de frutas y hortalizas de las familias de los escolares. Las encuestas, una vez cumplimentadas por las familias de los alumnos, son devueltas por los maestros el mismo d\u00eda de la visita.<\/p><p><span class=\"beautiful-heartbeat orange-color font-title-4\">2. POSTERIOR A LA VISITA<\/span><\/p><p>Los ni\u00f1os y el profesorado podr\u00e1n terminar de trabajar el tema en el aula con diferentes actividades posteriores a la visita que ofrecemos en el apartado de recursos.<\/p>\t\t\t\t\t<\/div>\n\t\t\t\t\t\t<\/div>\n\t\t\t\t<\/div>\n\t\t\t\t\t\t<\/div>\n\t\t\t\t\t<\/div>\n\t\t<\/div>\n\t\t\t\t\t\t\t\t<\/div>\n\t\t\t\t\t<\/div>\n\t\t<\/section>\n\t\t\t\t<section class=\"elementor-section elementor-top-section elementor-element elementor-element-5cff6d84 elementor-section-stretched elementor-section-boxed elementor-section-height-default elementor-section-height-default\" data-id=\"5cff6d84\" data-element_type=\"section\" data-settings=\"{&quot;background_background&quot;:&quot;classic&quot;,&quot;stretch_section&quot;:&quot;section-stretched&quot;}\">\n\t\t\t\t\t\t<div class=\"elementor-container elementor-column-gap-default\">\n\t\t\t\t\t\t\t<div class=\"elementor-row\">\n\t\t\t\t\t<div class=\"elementor-column elementor-col-100 elementor-top-column elementor-element elementor-element-680d5073\" data-id=\"680d5073\" data-element_type=\"column\">\n\t\t\t<div class=\"elementor-column-wrap elementor-element-populated\">\n\t\t\t\t\t\t\t<div class=\"elementor-widget-wrap\">\n\t\t\t\t\t\t<div class=\"elementor-element elementor-element-144b687 elementor-widget elementor-widget-text-editor\" data-id=\"144b687\" data-element_type=\"widget\" data-widget_type=\"text-editor.default\">\n\t\t\t\t<div class=\"elementor-widget-container\">\n\t\t\t\t\t\t\t\t<div class=\"elementor-text-editor elementor-clearfix\">\n\t\t\t\t<p style=\"text-align: center;\"><span class=\"beautiful-heartbeat orange-color font-title-3\">LA VISITA AL MERCADO CENTRAL DE FRUTAS Y HORTALIZAS DE MERCABARNA<\/span><\/p><p>Se programan visitas de las escuelas a Mercabarna cuatro d\u00edas a la semana, en grupos de cincuenta. La visita incluye un amplio programa de actividades desde las 10:30 hasta las 15:30 horas. Acompa\u00f1ados por monitores especializados en nutrici\u00f3n, los escolares descubren durante toda una jornada el apasionante mundo de las frutas y hortalizas. Esta visita se estructura de la siguiente manera:<\/p><p><span class=\"beautiful-heartbeat orange-color font-title-4\">1. LA CLASE INTERACTIVA <\/span><br \/>La visita comienza con una serie de actividades l\u00fadico-pedag\u00f3gicas en el aula \u201c5 al d\u00eda\u201d para dar a conocer las frutas y hortalizas remarcando los conceptos de proximidad, temporada, sostenibilidad, desperdicio, sus propiedades, a cu\u00e1nto equivale una raci\u00f3n, etc. Los menores aprenden de una forma divertida, a trav\u00e9s de multitud de juegos.<\/p>\t\t\t\t\t<\/div>\n\t\t\t\t\t\t<\/div>\n\t\t\t\t<\/div>\n\t\t\t\t<div class=\"elementor-element elementor-element-378f020f elementor-widget elementor-widget-image\" data-id=\"378f020f\" data-element_type=\"widget\" data-widget_type=\"image.default\">\n\t\t\t\t<div class=\"elementor-widget-container\">\n\t\t\t\t\t\t\t\t<div class=\"elementor-image\">\n\t\t\t\t\t\t\t\t\t\t\t\t<img width=\"1089\" height=\"495\" src=\"https:\/\/www.5aldia.es\/es\/wp-content\/uploads\/2023\/05\/funcionament-campanya-classe-1v2.jpg\" class=\"attachment-full size-full wp-image-5252\" alt=\"\" loading=\"lazy\" srcset=\"https:\/\/www.5aldia.es\/es\/wp-content\/uploads\/2023\/05\/funcionament-campanya-classe-1v2.jpg 1089w, https:\/\/www.5aldia.es\/es\/wp-content\/uploads\/2023\/05\/funcionament-campanya-classe-1v2-300x136.jpg 300w, https:\/\/www.5aldia.es\/es\/wp-content\/uploads\/2023\/05\/funcionament-campanya-classe-1v2-1024x465.jpg 1024w, https:\/\/www.5aldia.es\/es\/wp-content\/uploads\/2023\/05\/funcionament-campanya-classe-1v2-768x349.jpg 768w\" sizes=\"(max-width: 1089px) 100vw, 1089px\" \/>\t\t\t\t\t\t\t\t\t\t\t\t\t\t<\/div>\n\t\t\t\t\t\t<\/div>\n\t\t\t\t<\/div>\n\t\t\t\t\t\t<\/div>\n\t\t\t\t\t<\/div>\n\t\t<\/div>\n\t\t\t\t\t\t\t\t<\/div>\n\t\t\t\t\t<\/div>\n\t\t<\/section>\n\t\t\t\t<section class=\"elementor-section elementor-top-section elementor-element elementor-element-2a27c10d elementor-section-boxed elementor-section-height-default elementor-section-height-default\" data-id=\"2a27c10d\" data-element_type=\"section\">\n\t\t\t\t\t\t<div class=\"elementor-container elementor-column-gap-default\">\n\t\t\t\t\t\t\t<div class=\"elementor-row\">\n\t\t\t\t\t<div class=\"elementor-column elementor-col-100 elementor-top-column elementor-element elementor-element-7d25b31d\" data-id=\"7d25b31d\" data-element_type=\"column\">\n\t\t\t<div class=\"elementor-column-wrap elementor-element-populated\">\n\t\t\t\t\t\t\t<div class=\"elementor-widget-wrap\">\n\t\t\t\t\t\t<div class=\"elementor-element elementor-element-2548f351 elementor-widget elementor-widget-spacer\" data-id=\"2548f351\" data-element_type=\"widget\" data-widget_type=\"spacer.default\">\n\t\t\t\t<div class=\"elementor-widget-container\">\n\t\t\t\t\t<div class=\"elementor-spacer\">\n\t\t\t<div class=\"elementor-spacer-inner\"><\/div>\n\t\t<\/div>\n\t\t\t\t<\/div>\n\t\t\t\t<\/div>\n\t\t\t\t\t\t<\/div>\n\t\t\t\t\t<\/div>\n\t\t<\/div>\n\t\t\t\t\t\t\t\t<\/div>\n\t\t\t\t\t<\/div>\n\t\t<\/section>\n\t\t\t\t<section class=\"elementor-section elementor-top-section elementor-element elementor-element-69471c5 triangle-down triangle-down-green-light visita-mercat elementor-section-stretched elementor-section-boxed elementor-section-height-default elementor-section-height-default\" data-id=\"69471c5\" data-element_type=\"section\" data-settings=\"{&quot;stretch_section&quot;:&quot;section-stretched&quot;}\">\n\t\t\t\t\t\t<div class=\"elementor-container elementor-column-gap-default\">\n\t\t\t\t\t\t\t<div class=\"elementor-row\">\n\t\t\t\t\t<div class=\"elementor-column elementor-col-50 elementor-top-column elementor-element elementor-element-5524f558\" data-id=\"5524f558\" data-element_type=\"column\">\n\t\t\t<div class=\"elementor-column-wrap elementor-element-populated\">\n\t\t\t\t\t\t\t<div class=\"elementor-widget-wrap\">\n\t\t\t\t\t\t<div class=\"elementor-element elementor-element-46a198b9 elementor-widget elementor-widget-text-editor\" data-id=\"46a198b9\" data-element_type=\"widget\" data-widget_type=\"text-editor.default\">\n\t\t\t\t<div class=\"elementor-widget-container\">\n\t\t\t\t\t\t\t\t<div class=\"elementor-text-editor elementor-clearfix\">\n\t\t\t\t<p><span class=\"beautiful-heartbeat orange-color font-title-4\">2. LA VISITA AL MERCADO CENTRAL <\/span><br \/>Una experiencia con los cinco sentidos. Una ruta por el Mercado es la mejor manera de poner en pr\u00e1ctica todos los conocimientos adquiridos sobre frutas y hortalizas y aprender de nuevos.\u00a0<\/p><p>Dinamismo, colores y olores son los ingredientes perfectos para consolidar lo aprendido en clase: frutas y hortalizas de temporada, de proximidad, ex\u00f3ticas, las hierbas del caldo, etc.<\/p>\t\t\t\t\t<\/div>\n\t\t\t\t\t\t<\/div>\n\t\t\t\t<\/div>\n\t\t\t\t\t\t<\/div>\n\t\t\t\t\t<\/div>\n\t\t<\/div>\n\t\t\t\t<div class=\"elementor-column elementor-col-50 elementor-top-column elementor-element elementor-element-48f0f88b\" data-id=\"48f0f88b\" data-element_type=\"column\">\n\t\t\t<div class=\"elementor-column-wrap elementor-element-populated\">\n\t\t\t\t\t\t\t<div class=\"elementor-widget-wrap\">\n\t\t\t\t\t\t<div class=\"elementor-element elementor-element-605441f1 elementor-widget elementor-widget-image\" data-id=\"605441f1\" data-element_type=\"widget\" data-widget_type=\"image.default\">\n\t\t\t\t<div class=\"elementor-widget-container\">\n\t\t\t\t\t\t\t\t<div class=\"elementor-image\">\n\t\t\t\t\t\t\t\t\t\t\t\t<img width=\"1200\" height=\"800\" src=\"https:\/\/www.5aldia.es\/es\/wp-content\/uploads\/2023\/05\/Mercabarna-5-al-dia-2019_03_29-0342v2.jpg\" class=\"attachment-full size-full wp-image-5251\" alt=\"\" loading=\"lazy\" srcset=\"https:\/\/www.5aldia.es\/es\/wp-content\/uploads\/2023\/05\/Mercabarna-5-al-dia-2019_03_29-0342v2.jpg 1200w, https:\/\/www.5aldia.es\/es\/wp-content\/uploads\/2023\/05\/Mercabarna-5-al-dia-2019_03_29-0342v2-300x200.jpg 300w, https:\/\/www.5aldia.es\/es\/wp-content\/uploads\/2023\/05\/Mercabarna-5-al-dia-2019_03_29-0342v2-1024x683.jpg 1024w, https:\/\/www.5aldia.es\/es\/wp-content\/uploads\/2023\/05\/Mercabarna-5-al-dia-2019_03_29-0342v2-768x512.jpg 768w\" sizes=\"(max-width: 1200px) 100vw, 1200px\" \/>\t\t\t\t\t\t\t\t\t\t\t\t\t\t<\/div>\n\t\t\t\t\t\t<\/div>\n\t\t\t\t<\/div>\n\t\t\t\t\t\t<\/div>\n\t\t\t\t\t<\/div>\n\t\t<\/div>\n\t\t\t\t\t\t\t\t<\/div>\n\t\t\t\t\t<\/div>\n\t\t<\/section>\n\t\t\t\t<section class=\"elementor-section elementor-top-section elementor-element elementor-element-129b392e green-light-background taller-degustacio elementor-section-stretched elementor-section-boxed elementor-section-height-default elementor-section-height-default\" data-id=\"129b392e\" data-element_type=\"section\" data-settings=\"{&quot;stretch_section&quot;:&quot;section-stretched&quot;}\">\n\t\t\t\t\t\t<div class=\"elementor-container elementor-column-gap-default\">\n\t\t\t\t\t\t\t<div class=\"elementor-row\">\n\t\t\t\t\t<div class=\"elementor-column elementor-col-100 elementor-top-column elementor-element elementor-element-7abda71f\" data-id=\"7abda71f\" data-element_type=\"column\">\n\t\t\t<div class=\"elementor-column-wrap elementor-element-populated\">\n\t\t\t\t\t\t\t<div class=\"elementor-widget-wrap\">\n\t\t\t\t\t\t<div class=\"elementor-element elementor-element-65a1cad8 elementor-widget elementor-widget-text-editor\" data-id=\"65a1cad8\" data-element_type=\"widget\" data-widget_type=\"text-editor.default\">\n\t\t\t\t<div class=\"elementor-widget-container\">\n\t\t\t\t\t\t\t\t<div class=\"elementor-text-editor elementor-clearfix\">\n\t\t\t\t<p><span class=\"beautiful-heartbeat orange-color font-title-4\">3. EL TALLER DE DEGUSTACI\u00d3N \u201c\u00a1ADIVINA LA FRUTA!\u201d<\/span><br \/>En una de las paradas del Mercado Central de Frutas y Hortalizas de Mercabarna se organiza un taller con el objetivo de realizar actividades de observaci\u00f3n, experimentaci\u00f3n y degustaci\u00f3n de productos, para que los ni\u00f1os se familiaricen con las diferentes variedades, colores, olores, texturas, sabores, etc. Esta actividad promueve que los ni\u00f1os huelan, toquen y prueben la fruta. Tienen que adivinar qu\u00e9 fruta tienen en sus manos sin mirarla. De esta manera, aprenden a diferenciar los sabores (dulce, \u00e1cido, amargo), etc&#8230;<\/p>\t\t\t\t\t<\/div>\n\t\t\t\t\t\t<\/div>\n\t\t\t\t<\/div>\n\t\t\t\t<div class=\"elementor-element elementor-element-35062c elementor-widget elementor-widget-image\" data-id=\"35062c\" data-element_type=\"widget\" data-widget_type=\"image.default\">\n\t\t\t\t<div class=\"elementor-widget-container\">\n\t\t\t\t\t\t\t\t<div class=\"elementor-image\">\n\t\t\t\t\t\t\t\t\t\t\t\t<img width=\"1089\" height=\"524\" src=\"https:\/\/www.5aldia.es\/es\/wp-content\/uploads\/2018\/03\/funcionament-campanya-taller.jpg\" class=\"attachment-full size-full wp-image-3750\" alt=\"\" loading=\"lazy\" srcset=\"https:\/\/www.5aldia.es\/es\/wp-content\/uploads\/2018\/03\/funcionament-campanya-taller.jpg 1089w, https:\/\/www.5aldia.es\/es\/wp-content\/uploads\/2018\/03\/funcionament-campanya-taller-300x144.jpg 300w, https:\/\/www.5aldia.es\/es\/wp-content\/uploads\/2018\/03\/funcionament-campanya-taller-768x370.jpg 768w, https:\/\/www.5aldia.es\/es\/wp-content\/uploads\/2018\/03\/funcionament-campanya-taller-1024x493.jpg 1024w\" sizes=\"(max-width: 1089px) 100vw, 1089px\" \/>\t\t\t\t\t\t\t\t\t\t\t\t\t\t<\/div>\n\t\t\t\t\t\t<\/div>\n\t\t\t\t<\/div>\n\t\t\t\t\t\t<\/div>\n\t\t\t\t\t<\/div>\n\t\t<\/div>\n\t\t\t\t\t\t\t\t<\/div>\n\t\t\t\t\t<\/div>\n\t\t<\/section>\n\t\t\t\t<section class=\"elementor-section elementor-top-section elementor-element elementor-element-1fdce28b triangle-down triangle-down-green-light magatzem-patates elementor-section-stretched elementor-section-boxed elementor-section-height-default elementor-section-height-default\" data-id=\"1fdce28b\" data-element_type=\"section\" data-settings=\"{&quot;background_background&quot;:&quot;classic&quot;,&quot;stretch_section&quot;:&quot;section-stretched&quot;}\">\n\t\t\t\t\t\t<div class=\"elementor-container elementor-column-gap-default\">\n\t\t\t\t\t\t\t<div class=\"elementor-row\">\n\t\t\t\t\t<div class=\"elementor-column elementor-col-50 elementor-top-column elementor-element elementor-element-730c0c53\" data-id=\"730c0c53\" data-element_type=\"column\">\n\t\t\t<div class=\"elementor-column-wrap elementor-element-populated\">\n\t\t\t\t\t\t\t<div class=\"elementor-widget-wrap\">\n\t\t\t\t\t\t<div class=\"elementor-element elementor-element-7f91b514 elementor-widget elementor-widget-text-editor\" data-id=\"7f91b514\" data-element_type=\"widget\" data-widget_type=\"text-editor.default\">\n\t\t\t\t<div class=\"elementor-widget-container\">\n\t\t\t\t\t\t\t\t<div class=\"elementor-text-editor elementor-clearfix\">\n\t\t\t\t<p><span class=\"beautiful-heartbeat orange-color\"><span class=\"font-title-4\">4. ALMUERZO EN MERCABARNA<\/span><br \/><\/span><\/p><p>Almuerzo en el aula 5 al d\u00eda. Los participantes de la campa\u00f1a \u201c5 al dia\u201d comen a base de ensaladas variadas, macedonias de frutas y zumos naturales, que complementan con un plato principal que traen de casa.<\/p><p>Antes de marcharse, los ni\u00f1os reciben material e informaci\u00f3n para hacer llegar a las familias y as\u00ed extender la campa\u00f1a; los maestros eval\u00faan la visita.<\/p>\t\t\t\t\t<\/div>\n\t\t\t\t\t\t<\/div>\n\t\t\t\t<\/div>\n\t\t\t\t\t\t<\/div>\n\t\t\t\t\t<\/div>\n\t\t<\/div>\n\t\t\t\t<div class=\"elementor-column elementor-col-50 elementor-top-column elementor-element elementor-element-858ff30\" data-id=\"858ff30\" data-element_type=\"column\">\n\t\t\t<div class=\"elementor-column-wrap elementor-element-populated\">\n\t\t\t\t\t\t\t<div class=\"elementor-widget-wrap\">\n\t\t\t\t\t\t<div class=\"elementor-element elementor-element-bb9aa77 elementor-widget elementor-widget-image\" data-id=\"bb9aa77\" data-element_type=\"widget\" data-widget_type=\"image.default\">\n\t\t\t\t<div class=\"elementor-widget-container\">\n\t\t\t\t\t\t\t\t<div class=\"elementor-image\">\n\t\t\t\t\t\t\t\t\t\t\t\t<img width=\"780\" height=\"686\" src=\"https:\/\/www.5aldia.es\/es\/wp-content\/uploads\/2018\/03\/funcionament-campanya-dinar.jpg\" class=\"attachment-full size-full wp-image-3752\" alt=\"\" loading=\"lazy\" srcset=\"https:\/\/www.5aldia.es\/es\/wp-content\/uploads\/2018\/03\/funcionament-campanya-dinar.jpg 780w, https:\/\/www.5aldia.es\/es\/wp-content\/uploads\/2018\/03\/funcionament-campanya-dinar-300x264.jpg 300w, https:\/\/www.5aldia.es\/es\/wp-content\/uploads\/2018\/03\/funcionament-campanya-dinar-768x675.jpg 768w\" sizes=\"(max-width: 780px) 100vw, 780px\" \/>\t\t\t\t\t\t\t\t\t\t\t\t\t\t<\/div>\n\t\t\t\t\t\t<\/div>\n\t\t\t\t<\/div>\n\t\t\t\t\t\t<\/div>\n\t\t\t\t\t<\/div>\n\t\t<\/div>\n\t\t\t\t\t\t\t\t<\/div>\n\t\t\t\t\t<\/div>\n\t\t<\/section>\n\t\t\t\t\t\t\t\t\t<\/div>\n\t\t\t<\/div>\n\t\t\t\t\t<\/div>\n\t\t","protected":false},"excerpt":{"rendered":"<p>TRABAJO EN LA ESCUELA 1. PREVIO A LA VISITA S\u2019envia a les escoles que participen a la campanya informaci\u00f3 amb activitats lligades a l\u2019adquisici\u00f3 d\u2019h\u00e0bits relacionats amb l\u2019alimentaci\u00f3 saludable, sostenible i responsable (adaptat al curr\u00edculum escolar) perqu\u00e8 sigui treballat a classe abans de la visita que es realitzar\u00e0 al mercado central de frutas y hortalizas &hellip; <a href=\"https:\/\/www.5aldia.es\/es\/la-campana\/funcionamiento-de-la-campana\/\">Continuar<\/a><\/p>\n","protected":false},"author":1,"featured_media":0,"parent":3699,"menu_order":11,"comment_status":"closed","ping_status":"closed","template":"","meta":[],"acf":[],"_links":{"self":[{"href":"https:\/\/www.5aldia.es\/es\/wp-json\/wp\/v2\/pages\/3788"}],"collection":[{"href":"https:\/\/www.5aldia.es\/es\/wp-json\/wp\/v2\/pages"}],"about":[{"href":"https:\/\/www.5aldia.es\/es\/wp-json\/wp\/v2\/types\/page"}],"author":[{"embeddable":true,"href":"https:\/\/www.5aldia.es\/es\/wp-json\/wp\/v2\/users\/1"}],"replies":[{"embeddable":true,"href":"https:\/\/www.5aldia.es\/es\/wp-json\/wp\/v2\/comments?post=3788"}],"version-history":[{"count":24,"href":"https:\/\/www.5aldia.es\/es\/wp-json\/wp\/v2\/pages\/3788\/revisions"}],"predecessor-version":[{"id":5399,"href":"https:\/\/www.5aldia.es\/es\/wp-json\/wp\/v2\/pages\/3788\/revisions\/5399"}],"up":[{"embeddable":true,"href":"https:\/\/www.5aldia.es\/es\/wp-json\/wp\/v2\/pages\/3699"}],"wp:attachment":[{"href":"https:\/\/www.5aldia.es\/es\/wp-json\/wp\/v2\/media?parent=3788"}],"curies":[{"name":"wp","href":"https:\/\/api.w.org\/{rel}","templated":true}]}}